{"id":199,"date":"2018-05-22T12:15:37","date_gmt":"2018-05-22T10:15:37","guid":{"rendered":"https:\/\/www.albarosique.com\/psicoterapeuta-vic-alba-rosique\/"},"modified":"2018-07-13T11:39:08","modified_gmt":"2018-07-13T09:39:08","slug":"psicoterapeuta-vic-alba-rosique","status":"publish","type":"page","link":"https:\/\/www.albarosique.com\/es\/psicoterapeuta-vic-alba-rosique\/","title":{"rendered":"Psicoterapeuta Vic &#8211; Alba Rosique"},"content":{"rendered":"<p>[vc_row][vc_column width=\u00bb1\/3&#8243;][vc_empty_space height=\u00bb20px\u00bb][vc_column_text]<\/p>\n<h2>Alba<br \/>\nRosique<\/h2>\n<p>[\/vc_column_text][\/vc_column][vc_column width=\u00bb1\/3&#8243;][vc_single_image image=\u00bb25&#8243; img_size=\u00bbfull\u00bb alignment=\u00bbcenter\u00bb onclick=\u00bbcustom_link\u00bb link=\u00bbhttps:\/\/www.albarosique.com\/es\/\u00bb][\/vc_column][vc_column width=\u00bb1\/3&#8243;][vc_empty_space height=\u00bb20px\u00bb][vc_column_text]<\/p>\n<h2 class=\"p1\" style=\"text-align: right;\">Psic\u00f3loga cl\u00ednica<br \/>\nTerapeuta familiar<\/h2>\n<p>[\/vc_column_text][\/vc_column][\/vc_row][vc_row][vc_column][vc_empty_space height=\u00bb10px\u00bb][vc_separator color=\u00bbcustom\u00bb accent_color=\u00bb#4e4d4c\u00bb][vc_empty_space height=\u00bb150px\u00bb][\/vc_column][\/vc_row][vc_row][vc_column width=\u00bb1\/2&#8243;][vc_column_text]<\/p>\n<h1 class=\"p1\"><span class=\"s1\">\u00a1Hola! <\/span><\/h1>\n<p>&nbsp;<\/p>\n<h1 class=\"p1\"><span class=\"s1\">Soy Alba Rosique, psic\u00f3loga cl\u00ednica y terapeuta familiar.<\/span><\/h1>\n<p>&nbsp;<\/p>\n<h1 class=\"p2\"><span class=\"s1\">Estoy especializada en terapia individual y terapia fmailiar.<\/span><\/h1>\n<p>&nbsp;<\/p>\n<h1 class=\"p2\"><span class=\"s1\">Trabajo con ni\u00f1os, adolescentes y adultos.<\/span><\/h1>\n<p>[\/vc_column_text][\/vc_column][vc_column width=\u00bb1\/2&#8243;][vc_single_image image=\u00bb169&#8243; img_size=\u00bbfull\u00bb][\/vc_column][\/vc_row][vc_row][vc_column][vc_empty_space height=\u00bb50px\u00bb][\/vc_column][\/vc_row][vc_row][vc_column width=\u00bb1\/2&#8243;][vc_column_text]<\/p>\n<p class=\"p1\">Nacida en Vic, empec\u00e9 mi formaci\u00f3n 2006 en la Universidad de Barcelona. Una vez acabada la carrera de Psicolog\u00eda, he ido buscando lo que me gustaba dentro del \u00e1mbito terap\u00e9utico.<\/p>\n<p class=\"p1\">El 2011 decid\u00ed hacer una formaci\u00f3n que me permitiera averiguar con qu\u00e9 me sent\u00eda c\u00f3moda y a ra\u00edz de este paso, he tenido la oportunidad de trabajar con adultos desde una orientaci\u00f3n <b>constructivista<\/b> (trabajar con la realidad y las experiencias que vive la persona y el significado que tiene para ella). Cada persona construye su realidad seg\u00fan aquello que ha vivido y con eso desarrolla su identidad que le permite relacionarse con el mundo.<\/p>\n<p>[\/vc_column_text][\/vc_column][vc_column width=\u00bb1\/2&#8243;][vc_column_text]<\/p>\n<p class=\"p1\">Desde entonces estoy continuamente form\u00e1ndome, para hacer psicoterapia no s\u00f3lo con adultos, sino tambi\u00e9n con ni\u00f1os, adolescentes y sus familias . Es por eso que actualmente mi formaci\u00f3n est\u00e1 siguiendo una l\u00ednea <b>integradora<\/b> (uso de diferentes t\u00e9cnicas teniendo en cuenta el conjunto de las personas para adaptarme a sus necesidades y circunstancias personales \u2013 conocer a la persona a trav\u00e9s de sus ojos) y <b>sist\u00e9mica<\/b> (trabajar concibiendo que los problemas surgen de las dificultades de interacci\u00f3n con los otros, seg\u00fan el estilo relacional y los patrones de comunicaci\u00f3n) focalizando la atenci\u00f3n <b>en las emociones y el cuerpo <\/b>(descubrir qu\u00e9 te pasa, qu\u00e9 te dice tu cuerpo, c\u00f3mo se comunica contigo, qu\u00e9 puedes hacer con lo que sientes, con qui\u00e9n tiene que ver y qu\u00e9 funci\u00f3n tiene en tu vida).<\/p>\n<p>[\/vc_column_text][\/vc_column][\/vc_row][vc_row][vc_column][vc_empty_space height=\u00bb50px\u00bb][vc_separator color=\u00bbcustom\u00bb accent_color=\u00bb#4e4d4c\u00bb][vc_empty_space height=\u00bb50px\u00bb][\/vc_column][\/vc_row][vc_row][vc_column width=\u00bb1\/2&#8243;][vc_column_text]<\/p>\n<p class=\"p1\">Formaci\u00f3n<\/p>\n<p>[\/vc_column_text][\/vc_column][vc_column width=\u00bb1\/2&#8243;][vc_column_text]<\/p>\n<h1 class=\"p1\" style=\"text-align: right;\">La psicoterapia te puede ayudar a curar las heridas.<\/h1>\n<p>[\/vc_column_text][\/vc_column][\/vc_row][vc_row][vc_column][vc_empty_space height=\u00bb50px\u00bb][\/vc_column][\/vc_row][vc_row][vc_column width=\u00bb1\/3&#8243;][vc_column_text]ESTUDIOS<\/p>\n<p class=\"p1\"><span class=\"s1\">Formaci\u00f3n en salud mental perinatal Instituto Europeo de Salud Mental Perinatal \u2013 <em>En curso<\/em><\/span><\/p>\n<p class=\"p1\"><span class=\"s1\">M\u00e1ster en Terapia familiar. Perspectiva sist\u00e9mica y integradora<br \/>\n<em>UdG <\/em><\/span><\/p>\n<p class=\"p1\"><span class=\"s1\">Curso basico del M\u00e1ster en Formaci\u00f3n de Terapia Familiar y Intervenciones Sist\u00e9micas<br \/>\n<em>Escuela Sant Pau en col\u00b7laboraci\u00f3n con la Escuela Vasco Navarra de Ter\u00e1pia Familiar <\/em><\/span><\/p>\n<p class=\"p1\"><span class=\"s1\">M\u00e1ster en Ter\u00e1pia Cognitiva Social<br \/>\n<em>UB <\/em><\/span><\/p>\n<p class=\"p1\"><span class=\"s1\">Psicologia<br \/>\n<em>UB<\/em><\/span><\/p>\n<p>[\/vc_column_text][\/vc_column][vc_column width=\u00bb1\/3&#8243;][vc_column_text]<\/p>\n<p class=\"p1\">CURSOS<\/p>\n<p class=\"p1\"><span class=\"s1\">Formaci\u00f3n en Intervenci\u00f3n emocional con ni\u00f1os y famiilias<br \/>\n<em>Centre GRAT<\/em><\/span><\/p>\n<p class=\"p1\"><span class=\"s1\">Formaci\u00f3n en Mindfulness<br \/>\n<em>IESP<\/em><\/span><\/p>\n<p class=\"p1\"><span class=\"s1\">Formaci\u00f3n en Interpretaci\u00f3n del dibujo infantil: La fam\u00edlia<br \/>\n<em>Prisma<\/em><\/span><\/p>\n<p class=\"p1\"><span class=\"s1\">Formaci\u00f3n en Trauma infantil en Trastorno Mental Severo: El papel mediador de la disociaci\u00f3n<br \/>\n<em>UVic<\/em><\/span><\/p>\n<p>[\/vc_column_text][\/vc_column][vc_column width=\u00bb1\/3&#8243;][\/vc_column][\/vc_row][vc_row][vc_column][vc_empty_space height=\u00bb50px\u00bb][vc_separator color=\u00bbcustom\u00bb accent_color=\u00bb#4e4d4c\u00bb][vc_empty_space height=\u00bb50px\u00bb][\/vc_column][\/vc_row][vc_row][vc_column width=\u00bb1\/3&#8243;][vc_column_text]<\/p>\n<p class=\"p1\">Donde trabajo<\/p>\n<p>[\/vc_column_text][\/vc_column][vc_column width=\u00bb1\/3&#8243;][vc_column_text]<\/p>\n<p class=\"p1\"><span class=\"s1\">VIC <\/span><\/p>\n<p class=\"p1\"><span class=\"s1\"><span style=\"text-decoration: underline;\">CAP El Remei (EAP Vic)<\/span><br \/>\n<\/span><span class=\"s1\">Passatge Pla del Remei 10-12<br \/>\n<\/span><span class=\"s1\">Pod\u00e9is pedir hora al 938833443 o llamando al<span class=\"Apple-converted-space\">\u00a0 <\/span>689062121<\/span><\/p>\n<p class=\"p1\"><span class=\"s1\"><span style=\"text-decoration: underline;\">Mer\u00e0kia<\/span><br \/>\n<\/span><span class=\"s1\">Carrer Pare Galliss\u00e0 13<br \/>\n<\/span><span class=\"s1\">Pod\u00e9is pedir hora al al 689062121 <\/span><\/p>\n<p>[\/vc_column_text][\/vc_column][vc_column width=\u00bb1\/3&#8243;][vc_column_text]<\/p>\n<p class=\"p1\"><span class=\"s1\">TARADELL<\/span><\/p>\n<p class=\"p1\"><span class=\"s1\"><span style=\"text-decoration: underline;\">Fisio-Taradell<\/span><br \/>\nCarrer Ramon Pou 38<br \/>\n<\/span><span class=\"s1\">Pod\u00e9is pedir hora al 689062121<\/span><\/p>\n<p>[\/vc_column_text][\/vc_column][\/vc_row]<\/p>\n","protected":false},"excerpt":{"rendered":"<p>[vc_row][vc_column width=\u00bb1\/3&#8243;][vc_empty_space height=\u00bb20px\u00bb][vc_column_text] Alba Rosique [\/vc_column_text][\/vc_column][vc_column width=\u00bb1\/3&#8243;][vc_single_image image=\u00bb25&#8243; img_size=\u00bbfull\u00bb alignment=\u00bbcenter\u00bb onclick=\u00bbcustom_link\u00bb link=\u00bbhttps:\/\/www.albarosique.com\/es\/\u00bb][\/vc_column][vc_column width=\u00bb1\/3&#8243;][vc_empty_space height=\u00bb20px\u00bb][vc_column_text] Psic\u00f3loga cl\u00ednica Terapeuta familiar [\/vc_column_text][\/vc_column][\/vc_row][vc_row][vc_column][vc_empty_space height=\u00bb10px\u00bb][vc_separator color=\u00bbcustom\u00bb accent_color=\u00bb#4e4d4c\u00bb][vc_empty_space height=\u00bb150px\u00bb][\/vc_column][\/vc_row][vc_row][vc_column width=\u00bb1\/2&#8243;][vc_column_text] \u00a1Hola! &nbsp; Soy Alba Rosique, psic\u00f3loga cl\u00ednica y terapeuta familiar. &nbsp; Estoy especializada en terapia individual y terapia fmailiar. &nbsp; Trabajo con ni\u00f1os, adolescentes y adultos. [\/vc_column_text][\/vc_column][vc_column width=\u00bb1\/2&#8243;][vc_single_image image=\u00bb169&#8243; img_size=\u00bbfull\u00bb][\/vc_column][\/vc_row][vc_row][vc_column][vc_empty_space height=\u00bb50px\u00bb][\/vc_column][\/vc_row][vc_row][vc_column&hellip;<\/p>\n","protected":false},"author":1,"featured_media":0,"parent":0,"menu_order":0,"comment_status":"closed","ping_status":"open","template":"","meta":[],"yoast_head":"<!-- This site is optimized with the Yoast SEO plugin v17.4 - https:\/\/yoast.com\/wordpress\/plugins\/seo\/ -->\n<title>Psicoterapeuta Vic - Alba Rosique - Psicolog\u00eda Cl\u00ednica Vic (Barcelona)<\/title>\n<meta name=\"description\" content=\"Alba Rosique - Psicoterapia Vic - Psicolog\u00eda Cl\u00ednica Vic (Barcelona). Psicoterapeuta especialista en psicolog\u00eda perinatal y psicolog\u00eda cl\u00ednica en Vic (Barcelona).\" \/>\n<meta name=\"robots\" content=\"index, follow, max-snippet:-1, max-image-preview:large, max-video-preview:-1\" \/>\n<link rel=\"canonical\" href=\"https:\/\/www.albarosique.com\/es\/psicoterapeuta-vic-alba-rosique\/\" \/>\n<meta property=\"og:locale\" content=\"es_ES\" \/>\n<meta property=\"og:type\" content=\"article\" \/>\n<meta property=\"og:title\" content=\"Psicoterapeuta Vic - Alba Rosique - Psicolog\u00eda Cl\u00ednica Vic (Barcelona)\" \/>\n<meta property=\"og:description\" content=\"Alba Rosique - Psicoterapia Vic - Psicolog\u00eda Cl\u00ednica Vic (Barcelona). Psicoterapeuta especialista en psicolog\u00eda perinatal y psicolog\u00eda cl\u00ednica en Vic (Barcelona).\" \/>\n<meta property=\"og:url\" content=\"https:\/\/www.albarosique.com\/es\/psicoterapeuta-vic-alba-rosique\/\" \/>\n<meta property=\"og:site_name\" content=\"Alba Rosique\" \/>\n<meta property=\"article:modified_time\" content=\"2018-07-13T09:39:08+00:00\" \/>\n<meta name=\"twitter:card\" content=\"summary_large_image\" \/>\n<meta name=\"twitter:label1\" content=\"Tiempo de lectura\" \/>\n\t<meta name=\"twitter:data1\" content=\"4 minutos\" \/>\n<script type=\"application\/ld+json\" class=\"yoast-schema-graph\">{\"@context\":\"https:\/\/schema.org\",\"@graph\":[{\"@type\":\"WebSite\",\"@id\":\"https:\/\/www.albarosique.com\/#website\",\"url\":\"https:\/\/www.albarosique.com\/\",\"name\":\"Alba Rosique\",\"description\":\"Psic\\u00f2loga cl\\u00ednica - Terapeuta familiar\",\"potentialAction\":[{\"@type\":\"SearchAction\",\"target\":{\"@type\":\"EntryPoint\",\"urlTemplate\":\"https:\/\/www.albarosique.com\/?s={search_term_string}\"},\"query-input\":\"required name=search_term_string\"}],\"inLanguage\":\"es\"},{\"@type\":\"WebPage\",\"@id\":\"https:\/\/www.albarosique.com\/es\/psicoterapeuta-vic-alba-rosique\/#webpage\",\"url\":\"https:\/\/www.albarosique.com\/es\/psicoterapeuta-vic-alba-rosique\/\",\"name\":\"Psicoterapeuta Vic - Alba Rosique - Psicolog\\u00eda Cl\\u00ednica Vic (Barcelona)\",\"isPartOf\":{\"@id\":\"https:\/\/www.albarosique.com\/#website\"},\"datePublished\":\"2018-05-22T10:15:37+00:00\",\"dateModified\":\"2018-07-13T09:39:08+00:00\",\"description\":\"Alba Rosique - Psicoterapia Vic - Psicolog\\u00eda Cl\\u00ednica Vic (Barcelona). Psicoterapeuta especialista en psicolog\\u00eda perinatal y psicolog\\u00eda cl\\u00ednica en Vic (Barcelona).\",\"breadcrumb\":{\"@id\":\"https:\/\/www.albarosique.com\/es\/psicoterapeuta-vic-alba-rosique\/#breadcrumb\"},\"inLanguage\":\"es\",\"potentialAction\":[{\"@type\":\"ReadAction\",\"target\":[\"https:\/\/www.albarosique.com\/es\/psicoterapeuta-vic-alba-rosique\/\"]}]},{\"@type\":\"BreadcrumbList\",\"@id\":\"https:\/\/www.albarosique.com\/es\/psicoterapeuta-vic-alba-rosique\/#breadcrumb\",\"itemListElement\":[{\"@type\":\"ListItem\",\"position\":1,\"name\":\"Inici\",\"item\":\"https:\/\/www.albarosique.com\/es\/alba-rosique-psicoterapia-vic-psicologia-clinica-vic-osona\/\"},{\"@type\":\"ListItem\",\"position\":2,\"name\":\"Psicoterapeuta Vic &#8211; Alba Rosique\"}]}]}<\/script>\n<!-- \/ Yoast SEO plugin. -->","yoast_head_json":{"title":"Psicoterapeuta Vic - Alba Rosique - Psicolog\u00eda Cl\u00ednica Vic (Barcelona)","description":"Alba Rosique - Psicoterapia Vic - Psicolog\u00eda Cl\u00ednica Vic (Barcelona). Psicoterapeuta especialista en psicolog\u00eda perinatal y psicolog\u00eda cl\u00ednica en Vic (Barcelona).","robots":{"index":"index","follow":"follow","max-snippet":"max-snippet:-1","max-image-preview":"max-image-preview:large","max-video-preview":"max-video-preview:-1"},"canonical":"https:\/\/www.albarosique.com\/es\/psicoterapeuta-vic-alba-rosique\/","og_locale":"es_ES","og_type":"article","og_title":"Psicoterapeuta Vic - Alba Rosique - Psicolog\u00eda Cl\u00ednica Vic (Barcelona)","og_description":"Alba Rosique - Psicoterapia Vic - Psicolog\u00eda Cl\u00ednica Vic (Barcelona). Psicoterapeuta especialista en psicolog\u00eda perinatal y psicolog\u00eda cl\u00ednica en Vic (Barcelona).","og_url":"https:\/\/www.albarosique.com\/es\/psicoterapeuta-vic-alba-rosique\/","og_site_name":"Alba Rosique","article_modified_time":"2018-07-13T09:39:08+00:00","twitter_card":"summary_large_image","twitter_misc":{"Tiempo de lectura":"4 minutos"},"schema":{"@context":"https:\/\/schema.org","@graph":[{"@type":"WebSite","@id":"https:\/\/www.albarosique.com\/#website","url":"https:\/\/www.albarosique.com\/","name":"Alba Rosique","description":"Psic\u00f2loga cl\u00ednica - Terapeuta familiar","potentialAction":[{"@type":"SearchAction","target":{"@type":"EntryPoint","urlTemplate":"https:\/\/www.albarosique.com\/?s={search_term_string}"},"query-input":"required name=search_term_string"}],"inLanguage":"es"},{"@type":"WebPage","@id":"https:\/\/www.albarosique.com\/es\/psicoterapeuta-vic-alba-rosique\/#webpage","url":"https:\/\/www.albarosique.com\/es\/psicoterapeuta-vic-alba-rosique\/","name":"Psicoterapeuta Vic - Alba Rosique - Psicolog\u00eda Cl\u00ednica Vic (Barcelona)","isPartOf":{"@id":"https:\/\/www.albarosique.com\/#website"},"datePublished":"2018-05-22T10:15:37+00:00","dateModified":"2018-07-13T09:39:08+00:00","description":"Alba Rosique - Psicoterapia Vic - Psicolog\u00eda Cl\u00ednica Vic (Barcelona). Psicoterapeuta especialista en psicolog\u00eda perinatal y psicolog\u00eda cl\u00ednica en Vic (Barcelona).","breadcrumb":{"@id":"https:\/\/www.albarosique.com\/es\/psicoterapeuta-vic-alba-rosique\/#breadcrumb"},"inLanguage":"es","potentialAction":[{"@type":"ReadAction","target":["https:\/\/www.albarosique.com\/es\/psicoterapeuta-vic-alba-rosique\/"]}]},{"@type":"BreadcrumbList","@id":"https:\/\/www.albarosique.com\/es\/psicoterapeuta-vic-alba-rosique\/#breadcrumb","itemListElement":[{"@type":"ListItem","position":1,"name":"Inici","item":"https:\/\/www.albarosique.com\/es\/alba-rosique-psicoterapia-vic-psicologia-clinica-vic-osona\/"},{"@type":"ListItem","position":2,"name":"Psicoterapeuta Vic &#8211; Alba Rosique"}]}]}},"_links":{"self":[{"href":"https:\/\/www.albarosique.com\/es\/wp-json\/wp\/v2\/pages\/199"}],"collection":[{"href":"https:\/\/www.albarosique.com\/es\/wp-json\/wp\/v2\/pages"}],"about":[{"href":"https:\/\/www.albarosique.com\/es\/wp-json\/wp\/v2\/types\/page"}],"author":[{"embeddable":true,"href":"https:\/\/www.albarosique.com\/es\/wp-json\/wp\/v2\/users\/1"}],"replies":[{"embeddable":true,"href":"https:\/\/www.albarosique.com\/es\/wp-json\/wp\/v2\/comments?post=199"}],"version-history":[{"count":17,"href":"https:\/\/www.albarosique.com\/es\/wp-json\/wp\/v2\/pages\/199\/revisions"}],"predecessor-version":[{"id":469,"href":"https:\/\/www.albarosique.com\/es\/wp-json\/wp\/v2\/pages\/199\/revisions\/469"}],"wp:attachment":[{"href":"https:\/\/www.albarosique.com\/es\/wp-json\/wp\/v2\/media?parent=199"}],"curies":[{"name":"wp","href":"https:\/\/api.w.org\/{rel}","templated":true}]}}