{"id":225,"date":"2018-05-24T17:04:34","date_gmt":"2018-05-24T15:04:34","guid":{"rendered":"https:\/\/www.albarosique.com\/psicoterapia-individual-vic-alba-rosique\/"},"modified":"2018-07-13T11:48:46","modified_gmt":"2018-07-13T09:48:46","slug":"psicoterapia-individual-vic-alba-rosique","status":"publish","type":"page","link":"https:\/\/www.albarosique.com\/es\/psicoterapia-individual-vic-alba-rosique\/","title":{"rendered":"Psicoterapia individual Vic &#8211; Alba Rosique"},"content":{"rendered":"<p>[vc_row][vc_column width=\u00bb1\/3&#8243;][vc_empty_space height=\u00bb20px\u00bb][vc_column_text]<\/p>\n<h2><span style=\"color: #faf8f0;\">Alba<\/span><br \/>\n<span style=\"color: #faf8f0;\">Rosique<\/span><\/h2>\n<p>[\/vc_column_text][\/vc_column][vc_column width=\u00bb1\/3&#8243;][vc_single_image image=\u00bb101&#8243; img_size=\u00bbfull\u00bb alignment=\u00bbcenter\u00bb onclick=\u00bbcustom_link\u00bb link=\u00bbhttps:\/\/www.albarosique.com\/es\/\u00bb][\/vc_column][vc_column width=\u00bb1\/3&#8243;][vc_empty_space height=\u00bb20px\u00bb][vc_column_text]<\/p>\n<h2 class=\"p1\" style=\"text-align: right;\"><span style=\"color: #faf8f0;\">Psic\u00f3loga cl\u00ednica<\/span><br \/>\n<span style=\"color: #faf8f0;\">Terapeuta familiar<\/span><\/h2>\n<p>[\/vc_column_text][\/vc_column][\/vc_row][vc_row][vc_column][vc_empty_space height=\u00bb10px\u00bb][vc_separator color=\u00bbcustom\u00bb accent_color=\u00bb#faf8f0&#8243;][vc_empty_space height=\u00bb150px\u00bb][\/vc_column][\/vc_row][vc_row][vc_column width=\u00bb2\/3&#8243;][vc_column_text]<\/p>\n<h1 class=\"p1\"><span style=\"color: #faf8f0;\">Cada persona construye su realidad, su identidad y la relaci\u00f3n con el mundo seg\u00fan aquello que ha vivido y sentido.<\/span><\/h1>\n<p>[\/vc_column_text][\/vc_column][vc_column width=\u00bb1\/3&#8243;][vc_column_text]<\/p>\n<h3 class=\"p1\" style=\"text-align: right;\"><span style=\"color: #faf8f0;\">Psicoterapia individual<\/span><\/h3>\n<p>[\/vc_column_text][\/vc_column][\/vc_row][vc_row][vc_column][vc_empty_space height=\u00bb150px\u00bb][\/vc_column][\/vc_row][vc_row][vc_column width=\u00bb1\/3&#8243;][vc_column_text]<\/p>\n<h1 class=\"p1\"><span style=\"color: #faf8f0;\">Cuando es bueno hacer terapia individual?<\/span><\/h1>\n<p>[\/vc_column_text][vc_empty_space height=\u00bb50px\u00bb][vc_column_text]<\/p>\n<p class=\"p1\"><span style=\"color: #faf8f0;\">A lo largo de la vida nos podemos encontrar en muchas situaciones que se merecen un acompa\u00f1amiento emocional para mejorar nuestro bienestar.<\/span><\/p>\n<p class=\"p1\"><span style=\"color: #faf8f0;\">La terapia individual te permite reelaborar aquello que te hace sufrir y te hace sentir mal contigo mismo\/a para darte nuevas oportunidades.<\/span><\/p>\n<p>[\/vc_column_text][\/vc_column][vc_column width=\u00bb2\/3&#8243;][vc_column_text]<\/p>\n<ul>\n<li><span style=\"color: #faf8f0;\">Deseo de hacer un proceso de crecimiento personal<\/span><\/li>\n<li><span style=\"color: #faf8f0;\">\u2014<\/span><\/li>\n<li><span style=\"color: #faf8f0;\">Te sientes mal y no sabes porqu\u00e9<\/span><\/li>\n<li><span style=\"color: #faf8f0;\">\u2014<\/span><\/li>\n<li><span style=\"color: #faf8f0;\">No te sientes bien c\u00f3mo eres ni c\u00f3mo te ven los otros<\/span><\/li>\n<li><span style=\"color: #faf8f0;\">\u2014<\/span><\/li>\n<li><span style=\"color: #faf8f0;\">Quieres mejorar tu autoestima<\/span><\/li>\n<li><span style=\"color: #faf8f0;\">\u2014<\/span><\/li>\n<li><span style=\"color: #faf8f0;\">Te cuesta relacionarte<\/span><\/li>\n<li><span style=\"color: #faf8f0;\">\u2014<\/span><\/li>\n<li><span style=\"color: #faf8f0;\">Tienes dificultades para decir lo que piensas y\/o sientes<\/span><\/li>\n<li><span style=\"color: #faf8f0;\">\u2014<\/span><\/li>\n<li><span style=\"color: #faf8f0;\">Tienes ansiedad<\/span><\/li>\n<li><span style=\"color: #faf8f0;\">\u2014<\/span><\/li>\n<li><span style=\"color: #faf8f0;\">Tienes miedos que te impiden vivir con tranquilidad o hacer cosas con normalidad<\/span><\/li>\n<li><span style=\"color: #faf8f0;\">\u2014<\/span><\/li>\n<li><span style=\"color: #faf8f0;\">Te pas\u00f3 alguna cosa hace tiempo y a\u00fan te sigue afectando (m\u00e1s de lo que te gustar\u00eda)<\/span><\/li>\n<li><span style=\"color: #faf8f0;\">\u2014<\/span><\/li>\n<li><span style=\"color: #faf8f0;\">Te cueta tomar decisiones, y por muchas vueltas que les des no sabes qu\u00e9 escoger<\/span><\/li>\n<li><span style=\"color: #faf8f0;\">\u2014<\/span><\/li>\n<li><span style=\"color: #faf8f0;\">Tienes la sensaci\u00f3n de que no encajas (en ning\u00fan lugar ni con nadie)<\/span><\/li>\n<li><span style=\"color: #faf8f0;\">\u2014<\/span><\/li>\n<li><span style=\"color: #faf8f0;\">Hace demasiado tiempo que est\u00e1s triste porque has perdido a alguien<\/span><\/li>\n<li><span style=\"color: #faf8f0;\">\u2014<\/span><\/li>\n<li><span style=\"color: #faf8f0;\">Hay pensamientos que te molestan y no los puedes controlar<\/span><\/li>\n<li><span style=\"color: #faf8f0;\">\u2014<\/span><\/li>\n<li><span style=\"color: #faf8f0;\">Te sientes triste<\/span><\/li>\n<li><span style=\"color: #faf8f0;\">\u2014<\/span><\/li>\n<li><span style=\"color: #faf8f0;\">La comida y t\u00fa ten\u00e9is una relaci\u00f3n poco saludable<\/span><\/li>\n<li><span style=\"color: #faf8f0;\">\u2014<\/span><\/li>\n<li><span style=\"color: #faf8f0;\">No te sientes c\u00f3moda\/o con tu cuerpo<\/span><\/li>\n<li><span style=\"color: #faf8f0;\">\u2014<\/span><\/li>\n<li><span style=\"color: #faf8f0;\">Acabas de entrar en el mundo de la maternidad y\/o paternidad y te sientes perdida\/o<\/span><\/li>\n<li><span style=\"color: #faf8f0;\">\u2014<\/span><\/li>\n<li><span style=\"color: #faf8f0;\">El nacimiento de tu hijo\/a te ha removido m\u00e1s de lo que te pensabas, tanto por dentro como por fuera<\/span><\/li>\n<li><span style=\"color: #faf8f0;\">\u2014<\/span><\/li>\n<li><span style=\"color: #faf8f0;\">Sientes que necesitas estar siempre acompa\u00f1ado\/a y te cuesta estar solo\/a<\/span><\/li>\n<\/ul>\n<p>[\/vc_column_text][\/vc_column][\/vc_row][vc_row][vc_column][vc_empty_space height=\u00bb50px\u00bb][vc_separator color=\u00bbcustom\u00bb accent_color=\u00bb#faf8f0&#8243;][vc_empty_space height=\u00bb50px\u00bb][\/vc_column][\/vc_row][vc_row][vc_column width=\u00bb1\/3&#8243;][vc_column_text]<\/p>\n<h3 class=\"p1\"><span style=\"color: #faf8f0;\">Contacto<\/span><\/h3>\n<p>[\/vc_column_text][\/vc_column][vc_column width=\u00bb2\/3&#8243;][vc_column_text]<\/p>\n<h1 class=\"p1\"><span style=\"color: #faf8f0;\">Si crees que puedo ayudarte o deseas tener m\u00e1s informaci\u00f3n, por favor, rellena el siguiente formulario.<\/span><\/h1>\n<h1 class=\"p1\"><span style=\"color: #faf8f0;\">Me pondr\u00e9 en contacto contigo tan pronto como me sea posible.<\/span><\/h1>\n<p>[\/vc_column_text][vc_empty_space height=\u00bb50px\u00bb]<div role=\"form\" class=\"wpcf7\" id=\"wpcf7-f344-o1\" lang=\"ca\" dir=\"ltr\">\n<div class=\"screen-reader-response\"><p role=\"status\" aria-live=\"polite\" aria-atomic=\"true\"><\/p> <ul><\/ul><\/div>\n<form action=\"\/es\/wp-json\/wp\/v2\/pages\/225#wpcf7-f344-o1\" method=\"post\" class=\"wpcf7-form init\" novalidate=\"novalidate\" data-status=\"init\">\n<div style=\"display: none;\">\n<input type=\"hidden\" name=\"_wpcf7\" value=\"344\" \/>\n<input type=\"hidden\" name=\"_wpcf7_version\" value=\"5.3.2\" \/>\n<input type=\"hidden\" name=\"_wpcf7_locale\" value=\"ca\" \/>\n<input type=\"hidden\" name=\"_wpcf7_unit_tag\" value=\"wpcf7-f344-o1\" \/>\n<input type=\"hidden\" name=\"_wpcf7_container_post\" value=\"0\" \/>\n<input type=\"hidden\" name=\"_wpcf7_posted_data_hash\" value=\"\" \/>\n<\/div>\n<p><label><span class=\"wpcf7-form-control-wrap your-name\"><input type=\"text\" name=\"your-name\" value=\"\" size=\"40\" class=\"wpcf7-form-control wpcf7-text wpcf7-validates-as-required\" aria-required=\"true\" aria-invalid=\"false\" placeholder=\"Nombre y Apellidos *\" \/><\/span> <\/label><\/p>\n<p><label><span class=\"wpcf7-form-control-wrap your-email\"><input type=\"email\" name=\"your-email\" value=\"\" size=\"40\" class=\"wpcf7-form-control wpcf7-text wpcf7-email wpcf7-validates-as-required wpcf7-validates-as-email\" aria-required=\"true\" aria-invalid=\"false\" placeholder=\"Correo electr\u00f3nico *\" \/><\/span> <\/label><\/p>\n<p><label><span class=\"wpcf7-form-control-wrap text-904\"><input type=\"text\" name=\"text-904\" value=\"\" size=\"40\" class=\"wpcf7-form-control wpcf7-text\" aria-invalid=\"false\" placeholder=\"Tel\u00e9fono\" \/><\/span><\/label><\/p>\n<p><label><span class=\"wpcf7-form-control-wrap your-message\"><textarea name=\"your-message\" cols=\"1\" rows=\"3\" class=\"wpcf7-form-control wpcf7-textarea wpcf7-validates-as-required\" aria-required=\"true\" aria-invalid=\"false\" placeholder=\"Mensaje *\"><\/textarea><\/span> <\/label><\/p>\n<p><input type=\"submit\" value=\"Envia\" class=\"wpcf7-form-control wpcf7-submit\" \/><\/p>\n<div class=\"wpcf7-response-output\" aria-hidden=\"true\"><\/div><\/form><\/div>[\/vc_column][\/vc_row]<\/p>\n","protected":false},"excerpt":{"rendered":"<p>[vc_row][vc_column width=\u00bb1\/3&#8243;][vc_empty_space height=\u00bb20px\u00bb][vc_column_text] Alba Rosique [\/vc_column_text][\/vc_column][vc_column width=\u00bb1\/3&#8243;][vc_single_image image=\u00bb101&#8243; img_size=\u00bbfull\u00bb alignment=\u00bbcenter\u00bb onclick=\u00bbcustom_link\u00bb link=\u00bbhttps:\/\/www.albarosique.com\/es\/\u00bb][\/vc_column][vc_column width=\u00bb1\/3&#8243;][vc_empty_space height=\u00bb20px\u00bb][vc_column_text] Psic\u00f3loga cl\u00ednica Terapeuta familiar [\/vc_column_text][\/vc_column][\/vc_row][vc_row][vc_column][vc_empty_space height=\u00bb10px\u00bb][vc_separator color=\u00bbcustom\u00bb accent_color=\u00bb#faf8f0&#8243;][vc_empty_space height=\u00bb150px\u00bb][\/vc_column][\/vc_row][vc_row][vc_column width=\u00bb2\/3&#8243;][vc_column_text] Cada persona construye su realidad, su identidad y la relaci\u00f3n con el mundo seg\u00fan aquello que ha vivido y sentido. [\/vc_column_text][\/vc_column][vc_column width=\u00bb1\/3&#8243;][vc_column_text] Psicoterapia individual [\/vc_column_text][\/vc_column][\/vc_row][vc_row][vc_column][vc_empty_space height=\u00bb150px\u00bb][\/vc_column][\/vc_row][vc_row][vc_column width=\u00bb1\/3&#8243;][vc_column_text] Cuando es bueno hacer&hellip;<\/p>\n","protected":false},"author":1,"featured_media":0,"parent":0,"menu_order":0,"comment_status":"closed","ping_status":"open","template":"","meta":[],"yoast_head":"<!-- This site is optimized with the Yoast SEO plugin v17.4 - https:\/\/yoast.com\/wordpress\/plugins\/seo\/ -->\n<title>Psicoterapia individual Vic - Alba Rosique - Psicolog\u00eda Cl\u00ednica Vic (Barcelona)<\/title>\n<meta name=\"description\" content=\"Psicoterapia individual en Vic. Psicoterapia emocional para tratar ansiedad, depresi\u00f3n, ataques de p\u00e1nico, trastornos alimenticios, desmotivaci\u00f3n, crecimiento personal, ...\" \/>\n<meta name=\"robots\" content=\"index, follow, max-snippet:-1, max-image-preview:large, max-video-preview:-1\" \/>\n<link rel=\"canonical\" href=\"https:\/\/www.albarosique.com\/es\/psicoterapia-individual-vic-alba-rosique\/\" \/>\n<meta property=\"og:locale\" content=\"es_ES\" \/>\n<meta property=\"og:type\" content=\"article\" \/>\n<meta property=\"og:title\" content=\"Psicoterapia individual Vic - Alba Rosique - Psicolog\u00eda Cl\u00ednica Vic (Barcelona)\" \/>\n<meta property=\"og:description\" content=\"Psicoterapia individual en Vic. Psicoterapia emocional para tratar ansiedad, depresi\u00f3n, ataques de p\u00e1nico, trastornos alimenticios, desmotivaci\u00f3n, crecimiento personal, ...\" \/>\n<meta property=\"og:url\" content=\"https:\/\/www.albarosique.com\/es\/psicoterapia-individual-vic-alba-rosique\/\" \/>\n<meta property=\"og:site_name\" content=\"Alba Rosique\" \/>\n<meta property=\"article:modified_time\" content=\"2018-07-13T09:48:46+00:00\" \/>\n<meta name=\"twitter:card\" content=\"summary_large_image\" \/>\n<meta name=\"twitter:label1\" content=\"Tiempo de lectura\" \/>\n\t<meta name=\"twitter:data1\" content=\"3 minutos\" \/>\n<script type=\"application\/ld+json\" class=\"yoast-schema-graph\">{\"@context\":\"https:\/\/schema.org\",\"@graph\":[{\"@type\":\"WebSite\",\"@id\":\"https:\/\/www.albarosique.com\/#website\",\"url\":\"https:\/\/www.albarosique.com\/\",\"name\":\"Alba Rosique\",\"description\":\"Psic\\u00f2loga cl\\u00ednica - Terapeuta familiar\",\"potentialAction\":[{\"@type\":\"SearchAction\",\"target\":{\"@type\":\"EntryPoint\",\"urlTemplate\":\"https:\/\/www.albarosique.com\/?s={search_term_string}\"},\"query-input\":\"required name=search_term_string\"}],\"inLanguage\":\"es\"},{\"@type\":\"WebPage\",\"@id\":\"https:\/\/www.albarosique.com\/es\/psicoterapia-individual-vic-alba-rosique\/#webpage\",\"url\":\"https:\/\/www.albarosique.com\/es\/psicoterapia-individual-vic-alba-rosique\/\",\"name\":\"Psicoterapia individual Vic - Alba Rosique - Psicolog\\u00eda Cl\\u00ednica Vic (Barcelona)\",\"isPartOf\":{\"@id\":\"https:\/\/www.albarosique.com\/#website\"},\"datePublished\":\"2018-05-24T15:04:34+00:00\",\"dateModified\":\"2018-07-13T09:48:46+00:00\",\"description\":\"Psicoterapia individual en Vic. Psicoterapia emocional para tratar ansiedad, depresi\\u00f3n, ataques de p\\u00e1nico, trastornos alimenticios, desmotivaci\\u00f3n, crecimiento personal, ...\",\"breadcrumb\":{\"@id\":\"https:\/\/www.albarosique.com\/es\/psicoterapia-individual-vic-alba-rosique\/#breadcrumb\"},\"inLanguage\":\"es\",\"potentialAction\":[{\"@type\":\"ReadAction\",\"target\":[\"https:\/\/www.albarosique.com\/es\/psicoterapia-individual-vic-alba-rosique\/\"]}]},{\"@type\":\"BreadcrumbList\",\"@id\":\"https:\/\/www.albarosique.com\/es\/psicoterapia-individual-vic-alba-rosique\/#breadcrumb\",\"itemListElement\":[{\"@type\":\"ListItem\",\"position\":1,\"name\":\"Inici\",\"item\":\"https:\/\/www.albarosique.com\/es\/alba-rosique-psicoterapia-vic-psicologia-clinica-vic-osona\/\"},{\"@type\":\"ListItem\",\"position\":2,\"name\":\"Psicoterapia individual Vic &#8211; Alba Rosique\"}]}]}<\/script>\n<!-- \/ Yoast SEO plugin. -->","yoast_head_json":{"title":"Psicoterapia individual Vic - Alba Rosique - Psicolog\u00eda Cl\u00ednica Vic (Barcelona)","description":"Psicoterapia individual en Vic. Psicoterapia emocional para tratar ansiedad, depresi\u00f3n, ataques de p\u00e1nico, trastornos alimenticios, desmotivaci\u00f3n, crecimiento personal, ...","robots":{"index":"index","follow":"follow","max-snippet":"max-snippet:-1","max-image-preview":"max-image-preview:large","max-video-preview":"max-video-preview:-1"},"canonical":"https:\/\/www.albarosique.com\/es\/psicoterapia-individual-vic-alba-rosique\/","og_locale":"es_ES","og_type":"article","og_title":"Psicoterapia individual Vic - Alba Rosique - Psicolog\u00eda Cl\u00ednica Vic (Barcelona)","og_description":"Psicoterapia individual en Vic. Psicoterapia emocional para tratar ansiedad, depresi\u00f3n, ataques de p\u00e1nico, trastornos alimenticios, desmotivaci\u00f3n, crecimiento personal, ...","og_url":"https:\/\/www.albarosique.com\/es\/psicoterapia-individual-vic-alba-rosique\/","og_site_name":"Alba Rosique","article_modified_time":"2018-07-13T09:48:46+00:00","twitter_card":"summary_large_image","twitter_misc":{"Tiempo de lectura":"3 minutos"},"schema":{"@context":"https:\/\/schema.org","@graph":[{"@type":"WebSite","@id":"https:\/\/www.albarosique.com\/#website","url":"https:\/\/www.albarosique.com\/","name":"Alba Rosique","description":"Psic\u00f2loga cl\u00ednica - Terapeuta familiar","potentialAction":[{"@type":"SearchAction","target":{"@type":"EntryPoint","urlTemplate":"https:\/\/www.albarosique.com\/?s={search_term_string}"},"query-input":"required name=search_term_string"}],"inLanguage":"es"},{"@type":"WebPage","@id":"https:\/\/www.albarosique.com\/es\/psicoterapia-individual-vic-alba-rosique\/#webpage","url":"https:\/\/www.albarosique.com\/es\/psicoterapia-individual-vic-alba-rosique\/","name":"Psicoterapia individual Vic - Alba Rosique - Psicolog\u00eda Cl\u00ednica Vic (Barcelona)","isPartOf":{"@id":"https:\/\/www.albarosique.com\/#website"},"datePublished":"2018-05-24T15:04:34+00:00","dateModified":"2018-07-13T09:48:46+00:00","description":"Psicoterapia individual en Vic. Psicoterapia emocional para tratar ansiedad, depresi\u00f3n, ataques de p\u00e1nico, trastornos alimenticios, desmotivaci\u00f3n, crecimiento personal, ...","breadcrumb":{"@id":"https:\/\/www.albarosique.com\/es\/psicoterapia-individual-vic-alba-rosique\/#breadcrumb"},"inLanguage":"es","potentialAction":[{"@type":"ReadAction","target":["https:\/\/www.albarosique.com\/es\/psicoterapia-individual-vic-alba-rosique\/"]}]},{"@type":"BreadcrumbList","@id":"https:\/\/www.albarosique.com\/es\/psicoterapia-individual-vic-alba-rosique\/#breadcrumb","itemListElement":[{"@type":"ListItem","position":1,"name":"Inici","item":"https:\/\/www.albarosique.com\/es\/alba-rosique-psicoterapia-vic-psicologia-clinica-vic-osona\/"},{"@type":"ListItem","position":2,"name":"Psicoterapia individual Vic &#8211; Alba Rosique"}]}]}},"_links":{"self":[{"href":"https:\/\/www.albarosique.com\/es\/wp-json\/wp\/v2\/pages\/225"}],"collection":[{"href":"https:\/\/www.albarosique.com\/es\/wp-json\/wp\/v2\/pages"}],"about":[{"href":"https:\/\/www.albarosique.com\/es\/wp-json\/wp\/v2\/types\/page"}],"author":[{"embeddable":true,"href":"https:\/\/www.albarosique.com\/es\/wp-json\/wp\/v2\/users\/1"}],"replies":[{"embeddable":true,"href":"https:\/\/www.albarosique.com\/es\/wp-json\/wp\/v2\/comments?post=225"}],"version-history":[{"count":15,"href":"https:\/\/www.albarosique.com\/es\/wp-json\/wp\/v2\/pages\/225\/revisions"}],"predecessor-version":[{"id":473,"href":"https:\/\/www.albarosique.com\/es\/wp-json\/wp\/v2\/pages\/225\/revisions\/473"}],"wp:attachment":[{"href":"https:\/\/www.albarosique.com\/es\/wp-json\/wp\/v2\/media?parent=225"}],"curies":[{"name":"wp","href":"https:\/\/api.w.org\/{rel}","templated":true}]}}