{"id":358,"date":"2018-07-02T16:30:52","date_gmt":"2018-07-02T14:30:52","guid":{"rendered":"https:\/\/www.albarosique.com\/?page_id=358"},"modified":"2021-10-25T11:57:24","modified_gmt":"2021-10-25T09:57:24","slug":"aviso-legal-alba-rosique","status":"publish","type":"page","link":"https:\/\/www.albarosique.com\/es\/aviso-legal-alba-rosique\/","title":{"rendered":"Aviso legal &#8211; Alba Rosique"},"content":{"rendered":"<p>[vc_row][vc_column width=\u00bb1\/3&#8243;][vc_empty_space height=\u00bb20px\u00bb][vc_column_text]<\/p>\n<h2>Alba<br \/>\nRosique<\/h2>\n<p>[\/vc_column_text][\/vc_column][vc_column width=\u00bb1\/3&#8243;][vc_single_image image=\u00bb26&#8243; img_size=\u00bbfull\u00bb alignment=\u00bbcenter\u00bb onclick=\u00bbcustom_link\u00bb link=\u00bbhttps:\/\/www.albarosique.com\/\u00bb][\/vc_column][vc_column width=\u00bb1\/3&#8243;][vc_empty_space height=\u00bb20px\u00bb][vc_column_text]<\/p>\n<h2 class=\"p1\" style=\"text-align: right;\">Psic\u00f3loga cl\u00ednica<br \/>\nTerapeuta familiar<\/h2>\n<p>[\/vc_column_text][\/vc_column][\/vc_row][vc_row][vc_column][vc_empty_space height=\u00bb10px\u00bb][vc_separator color=\u00bbcustom\u00bb accent_color=\u00bb#4e4d4c\u00bb][vc_empty_space height=\u00bb150px\u00bb][\/vc_column][\/vc_row][vc_row][vc_column width=\u00bb1\/4&#8243;][vc_column_text]<\/p>\n<h1 class=\"p1\"><span class=\"s1\">Aviso legal<\/span><\/h1>\n<p>[\/vc_column_text][\/vc_column][vc_column width=\u00bb3\/4&#8243;][vc_column_text]Titular:\u00a0Alba Rosique<\/p>\n<p>NIF:33951587E<br \/>\nDirecci\u00f3:\u00a0C\/ del Pare Galliss\u00e0, 13 \u2013 08500 Vic (Barcelona)<br \/>\nTel\u00e8fon:\u00a0689062121<br \/>\nContacte:\u00a0hola@albarosique.com<\/p>\n<p>Tots els drets reservats.<\/p>\n<p>Alba Rosique, en compliment de la Llei 34\/2002, de l\u201911 de juliol, de serveis de la societat de la informaci\u00f3 i de comer\u00e7 electr\u00f2nic, us informa que: La seva denominaci\u00f3 social \u00e9s\u00a0Alba Rosique\u00a0amb NIF\u00a033951587E\u00a0i el seu domicili social \u00e9s al\u00a0C\/ del Pare Galliss\u00e0, 13 \u2013 08500 Vic (Barcelona).<\/p>\n<p>Per comunicar-vos amb nosaltres, posem a la vostra disposici\u00f3 l\u2019email de contacte:\u00a0hola@albarosique.com<\/p>\n<p>Informem que la web\u00a0https:\/\/albarosique.com\u00a0t\u00e9 per objectiu facilitar al p\u00fablic en general, el coneixement de les activitats que aquesta entitat realitza juntament amb els seus productes i serveis.<\/p>\n<p>&nbsp;<\/p>\n<p><strong><u>Usuaris<\/u><\/strong><\/p>\n<p>L&#8217;acc\u00e9s i\/o \u00fas del portal de ALBA ROSIQUE atribueix la condici\u00f3 d&#8217;usuari, que accepta, des de el referit acc\u00e9s i\/o \u00fas, les condicions general d&#8217;\u00fas que consten en aquest av\u00eds legal. Les citades condicions seran d&#8217;aplicaci\u00f3 independentment de les condicions generals de contractaci\u00f3 que en el seu cas resultin d&#8217;obligat compliment.<\/p>\n<p>&nbsp;<\/p>\n<p><strong><u>Propietat dels continguts<\/u><\/strong><\/p>\n<p>Tot el contingut de la present p\u00e0gina web, incloent els textos, imatges, dissenys, combinacions de colors, marques o logotips, estructura de disseny etc. s\u00f3n propietat intel\u00b7lectual de ALBA ROSIQUE i estan protegits per la legislaci\u00f3 vigent. Aquests continguts en cap cas poden ser reprodu\u00efts o copiats, a excepci\u00f3 de les imatges que siguin p\u00fabliques. Queda expressament prohibida la reproducci\u00f3, distribuci\u00f3 i la comunicaci\u00f3 p\u00fablica, inclosa la seva modalitat de posada a disposici\u00f3, de la totalitat o part de continguts d&#8217;aquesta web, amb fins comercials, en qualsevol suport i per qualsevol mitj\u00e0 t\u00e8cnic, sense l&#8217;autoritzaci\u00f3 de Alba Rosique. L&#8217;usuari s&#8217;haur\u00e0 d&#8217;abstenir de suprimir, alterar, eludir o manipular qualsevol dispositiu de protecci\u00f3 o sistema de seguretat instal.lat en la web.<\/p>\n<p>Alba Rosique es reserva el dret d&#8217;actualitzar, modificar o eliminar els continguts de la p\u00e0gina web o limitar el seu acc\u00e9s de forma temporal o definitiva, sense previ av\u00eds.<\/p>\n<p>Alba Rosique no es fa responsable de les conseq\u00fc\u00e8ncies o danys que es puguin produir per l&#8217;acc\u00e9s o \u00fas de la seva p\u00e0gina web i, de forma especial, per les p\u00e0gines web de terceres persones a les quals es pugui accedir a trav\u00e9s d&#8217;aquesta p\u00e0gina web.<\/p>\n<p>&nbsp;<\/p>\n<p><strong><u>Ren\u00fancia i limitaci\u00f3 de responsabilitat<\/u><\/strong><\/p>\n<p>La informaci\u00f3 i serveis inclosos o disponibles mitjan\u00e7ant la p\u00e0gina web poden incloure incorreccions o errors. De forma peri\u00f2dica s&#8217;incorporen canvis a la informaci\u00f3 continguda. Alba Rosique pot incloure en qualsevol moment millores i\/o canvis en els serveis o continguts.<\/p>\n<p>Alba Rosique declina qualsevol responsabilitat en cas d&#8217;interrupcions o mal funcionament dels serveis continguts o oferts en la web a internet, qualsevol que sigui la seva causa. Aix\u00ed mateix, Alba Rosique no es fa responsable de les caigudes de\u00a0 la xarxa, p\u00e8rdues d&#8217;informaci\u00f3 o qualsevol altre classe de dany indirecte que pugui ser causat als usuaris per causes alienes a la mateixa. Alba Rosique no declara ni garanteix que els serveis o continguts siguin ininterromputs o que estiguin lliures d&#8217;errors, que els defectes siguin esmenats o que el servei o el servidor que el posa a disposici\u00f3 estigui lliure de virus o d&#8217;altres components nocius.<\/p>\n<p>&nbsp;<\/p>\n<p><strong><u>Responsabilitat dels usuaris de l&#8217;\u00fas i contingut<\/u><\/strong><\/p>\n<p>Tan l&#8217;acc\u00e9s a la website com l&#8217;\u00fas que es pugui realitzar de la informaci\u00f3 i continguts inclosos en els mateixos ser\u00e0 d&#8217;exclusiva responsabilitat de qui ho realitzi. Per tant, l&#8217;\u00fas que pugui fer-se de la informaci\u00f3, imatges, continguts i\/o productes ressenyats i accessibles a trav\u00e9s del mateix estar\u00e0 supeditada a la legalitat nacional o internacional aplicable aix\u00ed com als principis de bona fe i \u00fas l\u00edcit per part dels usuaris, que seran responsables d&#8217;aquest acc\u00e9s i correcte \u00fas. Els usuaris estaran obligats a fer un \u00fas raonable dels serveis o continguts, sota el principi de bona fe i amb respecte a la legalitat vigent, a la moral, a l&#8217;ordre p\u00fablic, a les bones costums, als drets de tercers, tot aix\u00f2 segons les possibilitats i fins per als que estan concebuts.<\/p>\n<p>Alba Rosique no assumeix responsabilitats, ja siguin directes o indirectes, per dany emergent o lucre cessant, derivades del mal \u00fas dels serveis o continguts realitzat pels usuaris o tercers.<\/p>\n<p>&nbsp;<\/p>\n<p><strong><u>Enlla\u00e7os<\/u><\/strong><\/p>\n<p>En el cas que en la web es disposessin d&#8217;enlla\u00e7os o hipervincles cap a altres llocs d&#8217;internet, Alba Rosique no exercir\u00e0 cap tipus de control sobre aquests llocs i continguts. En cap cas Alba Rosique assumir\u00e0 cap responsabilitat per els continguts d&#8217;algun enlla\u00e7 que pertanyi a un lloc web ali\u00e8, ni garantir\u00e0 la disponibilitat t\u00e8cnica, qualitat, fiabilitat, exactitud, veracitat i validesa de qualsevol material o informaci\u00f3 continguda en cap d&#8217;aquests vincles o enlla\u00e7os d&#8217;altres llocs d&#8217;internet. Igualment la inclusi\u00f3 d&#8217;aquestes connexions externes no implicar\u00e0 cap tipus de fusi\u00f3 o participaci\u00f3 amb les entitats connectades.<\/p>\n<p>&nbsp;<\/p>\n<p><strong><u>Llei Aplicable<\/u><\/strong><\/p>\n<p>El present Av\u00eds Legal i tota q\u00fcesti\u00f3 relacionada amb aquesta website ser\u00e0 aplicada la legislaci\u00f3 espanyola.[\/vc_column_text][\/vc_column][\/vc_row]<\/p>\n","protected":false},"excerpt":{"rendered":"<p>[vc_row][vc_column width=\u00bb1\/3&#8243;][vc_empty_space height=\u00bb20px\u00bb][vc_column_text] Alba Rosique [\/vc_column_text][\/vc_column][vc_column width=\u00bb1\/3&#8243;][vc_single_image image=\u00bb26&#8243; img_size=\u00bbfull\u00bb alignment=\u00bbcenter\u00bb onclick=\u00bbcustom_link\u00bb link=\u00bbhttps:\/\/www.albarosique.com\/\u00bb][\/vc_column][vc_column width=\u00bb1\/3&#8243;][vc_empty_space height=\u00bb20px\u00bb][vc_column_text] Psic\u00f3loga cl\u00ednica Terapeuta familiar [\/vc_column_text][\/vc_column][\/vc_row][vc_row][vc_column][vc_empty_space height=\u00bb10px\u00bb][vc_separator color=\u00bbcustom\u00bb accent_color=\u00bb#4e4d4c\u00bb][vc_empty_space height=\u00bb150px\u00bb][\/vc_column][\/vc_row][vc_row][vc_column width=\u00bb1\/4&#8243;][vc_column_text] Aviso legal [\/vc_column_text][\/vc_column][vc_column width=\u00bb3\/4&#8243;][vc_column_text]Titular:\u00a0Alba Rosique NIF:33951587E Direcci\u00f3:\u00a0C\/ del Pare Galliss\u00e0, 13 \u2013 08500 Vic (Barcelona) Tel\u00e8fon:\u00a0689062121 Contacte:\u00a0hola@albarosique.com Tots els drets reservats. Alba Rosique, en compliment de la Llei 34\/2002, de l\u201911&hellip;<\/p>\n","protected":false},"author":1,"featured_media":0,"parent":0,"menu_order":0,"comment_status":"closed","ping_status":"open","template":"","meta":[],"yoast_head":"<!-- This site is optimized with the Yoast SEO plugin v17.4 - https:\/\/yoast.com\/wordpress\/plugins\/seo\/ -->\n<title>Aviso legal - Alba Rosique - Psicolog\u00eda Cl\u00ednica Vic (Osona)<\/title>\n<meta name=\"description\" content=\"Alba Rosique - Psicoterapia Vic - Psicolog\u00eda Cl\u00ednica Vic (Barcelona). Psicoterapeuta especialista en psicolog\u00eda perinatal y psicolog\u00eda cl\u00ednica en Vic (Barcelona).\" \/>\n<meta name=\"robots\" content=\"index, follow, max-snippet:-1, max-image-preview:large, max-video-preview:-1\" \/>\n<link rel=\"canonical\" href=\"https:\/\/www.albarosique.com\/es\/aviso-legal-alba-rosique\/\" \/>\n<meta property=\"og:locale\" content=\"es_ES\" \/>\n<meta property=\"og:type\" content=\"article\" \/>\n<meta property=\"og:title\" content=\"Aviso legal - Alba Rosique - Psicolog\u00eda Cl\u00ednica Vic (Osona)\" \/>\n<meta property=\"og:description\" content=\"Alba Rosique - Psicoterapia Vic - Psicolog\u00eda Cl\u00ednica Vic (Barcelona). Psicoterapeuta especialista en psicolog\u00eda perinatal y psicolog\u00eda cl\u00ednica en Vic (Barcelona).\" \/>\n<meta property=\"og:url\" content=\"https:\/\/www.albarosique.com\/es\/aviso-legal-alba-rosique\/\" \/>\n<meta property=\"og:site_name\" content=\"Alba Rosique\" \/>\n<meta property=\"article:modified_time\" content=\"2021-10-25T09:57:24+00:00\" \/>\n<meta name=\"twitter:card\" content=\"summary_large_image\" \/>\n<meta name=\"twitter:label1\" content=\"Tiempo de lectura\" \/>\n\t<meta name=\"twitter:data1\" content=\"5 minutos\" \/>\n<script type=\"application\/ld+json\" class=\"yoast-schema-graph\">{\"@context\":\"https:\/\/schema.org\",\"@graph\":[{\"@type\":\"WebSite\",\"@id\":\"https:\/\/www.albarosique.com\/#website\",\"url\":\"https:\/\/www.albarosique.com\/\",\"name\":\"Alba Rosique\",\"description\":\"Psic\\u00f2loga cl\\u00ednica - Terapeuta familiar\",\"potentialAction\":[{\"@type\":\"SearchAction\",\"target\":{\"@type\":\"EntryPoint\",\"urlTemplate\":\"https:\/\/www.albarosique.com\/?s={search_term_string}\"},\"query-input\":\"required name=search_term_string\"}],\"inLanguage\":\"es\"},{\"@type\":\"WebPage\",\"@id\":\"https:\/\/www.albarosique.com\/es\/aviso-legal-alba-rosique\/#webpage\",\"url\":\"https:\/\/www.albarosique.com\/es\/aviso-legal-alba-rosique\/\",\"name\":\"Aviso legal - Alba Rosique - Psicolog\\u00eda Cl\\u00ednica Vic (Osona)\",\"isPartOf\":{\"@id\":\"https:\/\/www.albarosique.com\/#website\"},\"datePublished\":\"2018-07-02T14:30:52+00:00\",\"dateModified\":\"2021-10-25T09:57:24+00:00\",\"description\":\"Alba Rosique - Psicoterapia Vic - Psicolog\\u00eda Cl\\u00ednica Vic (Barcelona). Psicoterapeuta especialista en psicolog\\u00eda perinatal y psicolog\\u00eda cl\\u00ednica en Vic (Barcelona).\",\"breadcrumb\":{\"@id\":\"https:\/\/www.albarosique.com\/es\/aviso-legal-alba-rosique\/#breadcrumb\"},\"inLanguage\":\"es\",\"potentialAction\":[{\"@type\":\"ReadAction\",\"target\":[\"https:\/\/www.albarosique.com\/es\/aviso-legal-alba-rosique\/\"]}]},{\"@type\":\"BreadcrumbList\",\"@id\":\"https:\/\/www.albarosique.com\/es\/aviso-legal-alba-rosique\/#breadcrumb\",\"itemListElement\":[{\"@type\":\"ListItem\",\"position\":1,\"name\":\"Inici\",\"item\":\"https:\/\/www.albarosique.com\/es\/alba-rosique-psicoterapia-vic-psicologia-clinica-vic-osona\/\"},{\"@type\":\"ListItem\",\"position\":2,\"name\":\"Aviso legal &#8211; Alba Rosique\"}]}]}<\/script>\n<!-- \/ Yoast SEO plugin. -->","yoast_head_json":{"title":"Aviso legal - Alba Rosique - Psicolog\u00eda Cl\u00ednica Vic (Osona)","description":"Alba Rosique - Psicoterapia Vic - Psicolog\u00eda Cl\u00ednica Vic (Barcelona). Psicoterapeuta especialista en psicolog\u00eda perinatal y psicolog\u00eda cl\u00ednica en Vic (Barcelona).","robots":{"index":"index","follow":"follow","max-snippet":"max-snippet:-1","max-image-preview":"max-image-preview:large","max-video-preview":"max-video-preview:-1"},"canonical":"https:\/\/www.albarosique.com\/es\/aviso-legal-alba-rosique\/","og_locale":"es_ES","og_type":"article","og_title":"Aviso legal - Alba Rosique - Psicolog\u00eda Cl\u00ednica Vic (Osona)","og_description":"Alba Rosique - Psicoterapia Vic - Psicolog\u00eda Cl\u00ednica Vic (Barcelona). Psicoterapeuta especialista en psicolog\u00eda perinatal y psicolog\u00eda cl\u00ednica en Vic (Barcelona).","og_url":"https:\/\/www.albarosique.com\/es\/aviso-legal-alba-rosique\/","og_site_name":"Alba Rosique","article_modified_time":"2021-10-25T09:57:24+00:00","twitter_card":"summary_large_image","twitter_misc":{"Tiempo de lectura":"5 minutos"},"schema":{"@context":"https:\/\/schema.org","@graph":[{"@type":"WebSite","@id":"https:\/\/www.albarosique.com\/#website","url":"https:\/\/www.albarosique.com\/","name":"Alba Rosique","description":"Psic\u00f2loga cl\u00ednica - Terapeuta familiar","potentialAction":[{"@type":"SearchAction","target":{"@type":"EntryPoint","urlTemplate":"https:\/\/www.albarosique.com\/?s={search_term_string}"},"query-input":"required name=search_term_string"}],"inLanguage":"es"},{"@type":"WebPage","@id":"https:\/\/www.albarosique.com\/es\/aviso-legal-alba-rosique\/#webpage","url":"https:\/\/www.albarosique.com\/es\/aviso-legal-alba-rosique\/","name":"Aviso legal - Alba Rosique - Psicolog\u00eda Cl\u00ednica Vic (Osona)","isPartOf":{"@id":"https:\/\/www.albarosique.com\/#website"},"datePublished":"2018-07-02T14:30:52+00:00","dateModified":"2021-10-25T09:57:24+00:00","description":"Alba Rosique - Psicoterapia Vic - Psicolog\u00eda Cl\u00ednica Vic (Barcelona). Psicoterapeuta especialista en psicolog\u00eda perinatal y psicolog\u00eda cl\u00ednica en Vic (Barcelona).","breadcrumb":{"@id":"https:\/\/www.albarosique.com\/es\/aviso-legal-alba-rosique\/#breadcrumb"},"inLanguage":"es","potentialAction":[{"@type":"ReadAction","target":["https:\/\/www.albarosique.com\/es\/aviso-legal-alba-rosique\/"]}]},{"@type":"BreadcrumbList","@id":"https:\/\/www.albarosique.com\/es\/aviso-legal-alba-rosique\/#breadcrumb","itemListElement":[{"@type":"ListItem","position":1,"name":"Inici","item":"https:\/\/www.albarosique.com\/es\/alba-rosique-psicoterapia-vic-psicologia-clinica-vic-osona\/"},{"@type":"ListItem","position":2,"name":"Aviso legal &#8211; Alba Rosique"}]}]}},"_links":{"self":[{"href":"https:\/\/www.albarosique.com\/es\/wp-json\/wp\/v2\/pages\/358"}],"collection":[{"href":"https:\/\/www.albarosique.com\/es\/wp-json\/wp\/v2\/pages"}],"about":[{"href":"https:\/\/www.albarosique.com\/es\/wp-json\/wp\/v2\/types\/page"}],"author":[{"embeddable":true,"href":"https:\/\/www.albarosique.com\/es\/wp-json\/wp\/v2\/users\/1"}],"replies":[{"embeddable":true,"href":"https:\/\/www.albarosique.com\/es\/wp-json\/wp\/v2\/comments?post=358"}],"version-history":[{"count":12,"href":"https:\/\/www.albarosique.com\/es\/wp-json\/wp\/v2\/pages\/358\/revisions"}],"predecessor-version":[{"id":743,"href":"https:\/\/www.albarosique.com\/es\/wp-json\/wp\/v2\/pages\/358\/revisions\/743"}],"wp:attachment":[{"href":"https:\/\/www.albarosique.com\/es\/wp-json\/wp\/v2\/media?parent=358"}],"curies":[{"name":"wp","href":"https:\/\/api.w.org\/{rel}","templated":true}]}}