{"id":704,"date":"2021-10-25T11:10:39","date_gmt":"2021-10-25T09:10:39","guid":{"rendered":"https:\/\/www.albarosique.com\/?page_id=704"},"modified":"2021-10-25T11:10:40","modified_gmt":"2021-10-25T09:10:40","slug":"dia-a-dia-alba-rosique","status":"publish","type":"page","link":"https:\/\/www.albarosique.com\/es\/dia-a-dia-alba-rosique\/","title":{"rendered":"D\u00eda a d\u00eda &#8211; Alba Rosique"},"content":{"rendered":"<p>[vc_row][vc_column width=\u00bb1\/3&#8243;][vc_empty_space height=\u00bb20px\u00bb][vc_column_text]<\/p>\n<h2><span style=\"color: #faf8f0;\">Alba<\/span><br \/>\n<span style=\"color: #faf8f0;\">Rosique<\/span><\/h2>\n<p>[\/vc_column_text][\/vc_column][vc_column width=\u00bb1\/3&#8243;][vc_single_image image=\u00bb102&#8243; img_size=\u00bbfull\u00bb alignment=\u00bbcenter\u00bb onclick=\u00bbcustom_link\u00bb link=\u00bbhttps:%2F%2Fwww.albarosique.com%2F|\u00bb][\/vc_column][vc_column width=\u00bb1\/3&#8243;][vc_empty_space height=\u00bb20px\u00bb][vc_column_text]<\/p>\n<h2 class=\"p1\" style=\"text-align: right;\"><span style=\"color: #faf8f0;\">Psic\u00f3loga cl\u00ednica<\/span><br \/>\n<span style=\"color: #faf8f0;\">Terapeuta familiar<\/span><\/h2>\n<p>[\/vc_column_text][\/vc_column][\/vc_row][vc_row][vc_column][vc_empty_space height=\u00bb10px\u00bb][vc_separator color=\u00bbcustom\u00bb accent_color=\u00bb#faf8f0&#8243;][vc_empty_space height=\u00bb150px\u00bb][\/vc_column][\/vc_row][vc_row][vc_column width=\u00bb1\/3&#8243;][vc_column_text]<\/p>\n<h3 class=\"p1\" style=\"text-align: left;\"><span style=\"color: #faf8f0;\">D\u00eda a d\u00eda<\/span><\/h3>\n<p>[\/vc_column_text][\/vc_column][vc_column width=\u00bb2\/3&#8243;][vc_column_text]<\/p>\n<h1 class=\"p1\" style=\"text-align: right;\"><span style=\"color: #faf8f0;\">Bienvenidas a un pedacito de mi d\u00eda a d\u00eda. Esta secci\u00f3n tiene como objetivo darte una visi\u00f3n m\u00e1s amplia de quien soy y que hago.<\/span><\/h1>\n<p>[\/vc_column_text][\/vc_column][\/vc_row][vc_row][vc_column][vc_empty_space height=\u00bb150px\u00bb][vc_raw_html]W2luc3RhZ3JhbS1mZWVkIG51bT0zMiBjb2xzPTQgc2hvd2ZvbGxvdz1mYWxzZV0=[\/vc_raw_html][vc_column_text]<\/p>\n<h3 class=\"p1\" style=\"text-align: center;\"><a href=\"https:\/\/www.instagram.com\/albarosique\/\" target=\"_blank\" rel=\"noopener\"><span style=\"color: #faf8f0;\">Quieres ver m\u00e1s?<\/span><\/a><\/h3>\n<h3 class=\"p1\" style=\"text-align: center;\"><a href=\"https:\/\/www.instagram.com\/albarosique\/\" target=\"_blank\" rel=\"noopener\"><span style=\"color: #faf8f0;\">@albarosique<\/span><\/a><\/h3>\n<p>[\/vc_column_text][\/vc_column][\/vc_row][vc_row disable_element=\u00bbyes\u00bb][vc_column][vc_empty_space height=\u00bb50px\u00bb][vc_separator color=\u00bbcustom\u00bb accent_color=\u00bb#edc773&#8243;][vc_empty_space height=\u00bb50px\u00bb][\/vc_column][\/vc_row][vc_row disable_element=\u00bbyes\u00bb][vc_column width=\u00bb1\/3&#8243;][vc_column_text]<\/p>\n<h3 class=\"p1\"><span style=\"color: #faf8f0;\">Contacto<\/span><\/h3>\n<p>[\/vc_column_text][\/vc_column][vc_column width=\u00bb2\/3&#8243;][vc_column_text]<\/p>\n<h1 class=\"p1\"><span style=\"color: #edc773;\">Ahora que me conoces un poco m\u00e1s, hay algo que me quieras contar o comentar?<\/span><\/h1>\n<h1 class=\"p1\"><span style=\"color: #edc773;\">Escr\u00edbeme y pondr\u00e9 en contacto contigo tan pronto como me sea posible.<\/span><\/h1>\n<p>[\/vc_column_text][vc_empty_space height=\u00bb50px\u00bb]<div role=\"form\" class=\"wpcf7\" id=\"wpcf7-f4-o1\" lang=\"ca\" dir=\"ltr\">\n<div class=\"screen-reader-response\"><p role=\"status\" aria-live=\"polite\" aria-atomic=\"true\"><\/p> <ul><\/ul><\/div>\n<form action=\"\/es\/wp-json\/wp\/v2\/pages\/704#wpcf7-f4-o1\" method=\"post\" class=\"wpcf7-form init\" novalidate=\"novalidate\" data-status=\"init\">\n<div style=\"display: none;\">\n<input type=\"hidden\" name=\"_wpcf7\" value=\"4\" \/>\n<input type=\"hidden\" name=\"_wpcf7_version\" value=\"5.3.2\" \/>\n<input type=\"hidden\" name=\"_wpcf7_locale\" value=\"ca\" \/>\n<input type=\"hidden\" name=\"_wpcf7_unit_tag\" value=\"wpcf7-f4-o1\" \/>\n<input type=\"hidden\" name=\"_wpcf7_container_post\" value=\"0\" \/>\n<input type=\"hidden\" name=\"_wpcf7_posted_data_hash\" value=\"\" \/>\n<\/div>\n<p><label><span class=\"wpcf7-form-control-wrap your-name\"><input type=\"text\" name=\"your-name\" value=\"\" size=\"40\" class=\"wpcf7-form-control wpcf7-text wpcf7-validates-as-required\" aria-required=\"true\" aria-invalid=\"false\" placeholder=\"Nom i Cognoms *\" \/><\/span> <\/label><\/p>\n<p><label><span class=\"wpcf7-form-control-wrap your-email\"><input type=\"email\" name=\"your-email\" value=\"\" size=\"40\" class=\"wpcf7-form-control wpcf7-text wpcf7-email wpcf7-validates-as-required wpcf7-validates-as-email\" aria-required=\"true\" aria-invalid=\"false\" placeholder=\"Correu electr\u00f2nic *\" \/><\/span> <\/label><\/p>\n<p><label><span class=\"wpcf7-form-control-wrap text-904\"><input type=\"text\" name=\"text-904\" value=\"\" size=\"40\" class=\"wpcf7-form-control wpcf7-text\" aria-invalid=\"false\" placeholder=\"Tel\u00e8fon\" \/><\/span><\/label><\/p>\n<p><label><span class=\"wpcf7-form-control-wrap your-message\"><textarea name=\"your-message\" cols=\"1\" rows=\"3\" class=\"wpcf7-form-control wpcf7-textarea wpcf7-validates-as-required\" aria-required=\"true\" aria-invalid=\"false\" placeholder=\"Missatge *\"><\/textarea><\/span> <\/label><\/p>\n<p><input type=\"submit\" value=\"Envia\" class=\"wpcf7-form-control wpcf7-submit\" \/><\/p>\n<div class=\"wpcf7-response-output\" aria-hidden=\"true\"><\/div><\/form><\/div>[\/vc_column][\/vc_row]<\/p>\n","protected":false},"excerpt":{"rendered":"<p>[vc_row][vc_column width=\u00bb1\/3&#8243;][vc_empty_space height=\u00bb20px\u00bb][vc_column_text] Alba Rosique [\/vc_column_text][\/vc_column][vc_column width=\u00bb1\/3&#8243;][vc_single_image image=\u00bb102&#8243; img_size=\u00bbfull\u00bb alignment=\u00bbcenter\u00bb onclick=\u00bbcustom_link\u00bb link=\u00bbhttps:%2F%2Fwww.albarosique.com%2F|\u00bb][\/vc_column][vc_column width=\u00bb1\/3&#8243;][vc_empty_space height=\u00bb20px\u00bb][vc_column_text] Psic\u00f3loga cl\u00ednica Terapeuta familiar [\/vc_column_text][\/vc_column][\/vc_row][vc_row][vc_column][vc_empty_space height=\u00bb10px\u00bb][vc_separator color=\u00bbcustom\u00bb accent_color=\u00bb#faf8f0&#8243;][vc_empty_space height=\u00bb150px\u00bb][\/vc_column][\/vc_row][vc_row][vc_column width=\u00bb1\/3&#8243;][vc_column_text] D\u00eda a d\u00eda [\/vc_column_text][\/vc_column][vc_column width=\u00bb2\/3&#8243;][vc_column_text] Bienvenidas a un pedacito de mi d\u00eda a d\u00eda. Esta secci\u00f3n tiene como objetivo darte una visi\u00f3n m\u00e1s amplia de quien soy y que hago. [\/vc_column_text][\/vc_column][\/vc_row][vc_row][vc_column][vc_empty_space&hellip;<\/p>\n","protected":false},"author":2,"featured_media":0,"parent":0,"menu_order":0,"comment_status":"closed","ping_status":"closed","template":"","meta":[],"yoast_head":"<!-- This site is optimized with the Yoast SEO plugin v17.4 - https:\/\/yoast.com\/wordpress\/plugins\/seo\/ -->\n<title>D\u00eda a d\u00eda - Alba Rosique<\/title>\n<meta name=\"description\" content=\"Alba Rosique, psicoterapeuta especialista en psicolog\u00eda perinatal y psicolog\u00eda cl\u00ednica en Vic (Barcelona). Charlas y talleres para bibliotecas, centros c\u00edvicos, etc.\" \/>\n<meta name=\"robots\" content=\"index, follow, max-snippet:-1, max-image-preview:large, max-video-preview:-1\" \/>\n<link rel=\"canonical\" href=\"https:\/\/www.albarosique.com\/es\/dia-a-dia-alba-rosique\/\" \/>\n<meta property=\"og:locale\" content=\"es_ES\" \/>\n<meta property=\"og:type\" content=\"article\" \/>\n<meta property=\"og:title\" content=\"D\u00eda a d\u00eda - Alba Rosique\" \/>\n<meta property=\"og:description\" content=\"Alba Rosique, psicoterapeuta especialista en psicolog\u00eda perinatal y psicolog\u00eda cl\u00ednica en Vic (Barcelona). Charlas y talleres para bibliotecas, centros c\u00edvicos, etc.\" \/>\n<meta property=\"og:url\" content=\"https:\/\/www.albarosique.com\/es\/dia-a-dia-alba-rosique\/\" \/>\n<meta property=\"og:site_name\" content=\"Alba Rosique\" \/>\n<meta property=\"article:modified_time\" content=\"2021-10-25T09:10:40+00:00\" \/>\n<meta name=\"twitter:card\" content=\"summary_large_image\" \/>\n<meta name=\"twitter:label1\" content=\"Tiempo de lectura\" \/>\n\t<meta name=\"twitter:data1\" content=\"1 minuto\" \/>\n<script type=\"application\/ld+json\" class=\"yoast-schema-graph\">{\"@context\":\"https:\/\/schema.org\",\"@graph\":[{\"@type\":\"WebSite\",\"@id\":\"https:\/\/www.albarosique.com\/#website\",\"url\":\"https:\/\/www.albarosique.com\/\",\"name\":\"Alba Rosique\",\"description\":\"Psic\\u00f2loga cl\\u00ednica - Terapeuta familiar\",\"potentialAction\":[{\"@type\":\"SearchAction\",\"target\":{\"@type\":\"EntryPoint\",\"urlTemplate\":\"https:\/\/www.albarosique.com\/?s={search_term_string}\"},\"query-input\":\"required name=search_term_string\"}],\"inLanguage\":\"es\"},{\"@type\":\"WebPage\",\"@id\":\"https:\/\/www.albarosique.com\/es\/dia-a-dia-alba-rosique\/#webpage\",\"url\":\"https:\/\/www.albarosique.com\/es\/dia-a-dia-alba-rosique\/\",\"name\":\"D\\u00eda a d\\u00eda - Alba Rosique\",\"isPartOf\":{\"@id\":\"https:\/\/www.albarosique.com\/#website\"},\"datePublished\":\"2021-10-25T09:10:39+00:00\",\"dateModified\":\"2021-10-25T09:10:40+00:00\",\"description\":\"Alba Rosique, psicoterapeuta especialista en psicolog\\u00eda perinatal y psicolog\\u00eda cl\\u00ednica en Vic (Barcelona). Charlas y talleres para bibliotecas, centros c\\u00edvicos, etc.\",\"breadcrumb\":{\"@id\":\"https:\/\/www.albarosique.com\/es\/dia-a-dia-alba-rosique\/#breadcrumb\"},\"inLanguage\":\"es\",\"potentialAction\":[{\"@type\":\"ReadAction\",\"target\":[\"https:\/\/www.albarosique.com\/es\/dia-a-dia-alba-rosique\/\"]}]},{\"@type\":\"BreadcrumbList\",\"@id\":\"https:\/\/www.albarosique.com\/es\/dia-a-dia-alba-rosique\/#breadcrumb\",\"itemListElement\":[{\"@type\":\"ListItem\",\"position\":1,\"name\":\"Inici\",\"item\":\"https:\/\/www.albarosique.com\/es\/alba-rosique-psicoterapia-vic-psicologia-clinica-vic-osona\/\"},{\"@type\":\"ListItem\",\"position\":2,\"name\":\"D\\u00eda a d\\u00eda &#8211; Alba Rosique\"}]}]}<\/script>\n<!-- \/ Yoast SEO plugin. -->","yoast_head_json":{"title":"D\u00eda a d\u00eda - Alba Rosique","description":"Alba Rosique, psicoterapeuta especialista en psicolog\u00eda perinatal y psicolog\u00eda cl\u00ednica en Vic (Barcelona). Charlas y talleres para bibliotecas, centros c\u00edvicos, etc.","robots":{"index":"index","follow":"follow","max-snippet":"max-snippet:-1","max-image-preview":"max-image-preview:large","max-video-preview":"max-video-preview:-1"},"canonical":"https:\/\/www.albarosique.com\/es\/dia-a-dia-alba-rosique\/","og_locale":"es_ES","og_type":"article","og_title":"D\u00eda a d\u00eda - Alba Rosique","og_description":"Alba Rosique, psicoterapeuta especialista en psicolog\u00eda perinatal y psicolog\u00eda cl\u00ednica en Vic (Barcelona). Charlas y talleres para bibliotecas, centros c\u00edvicos, etc.","og_url":"https:\/\/www.albarosique.com\/es\/dia-a-dia-alba-rosique\/","og_site_name":"Alba Rosique","article_modified_time":"2021-10-25T09:10:40+00:00","twitter_card":"summary_large_image","twitter_misc":{"Tiempo de lectura":"1 minuto"},"schema":{"@context":"https:\/\/schema.org","@graph":[{"@type":"WebSite","@id":"https:\/\/www.albarosique.com\/#website","url":"https:\/\/www.albarosique.com\/","name":"Alba Rosique","description":"Psic\u00f2loga cl\u00ednica - Terapeuta familiar","potentialAction":[{"@type":"SearchAction","target":{"@type":"EntryPoint","urlTemplate":"https:\/\/www.albarosique.com\/?s={search_term_string}"},"query-input":"required name=search_term_string"}],"inLanguage":"es"},{"@type":"WebPage","@id":"https:\/\/www.albarosique.com\/es\/dia-a-dia-alba-rosique\/#webpage","url":"https:\/\/www.albarosique.com\/es\/dia-a-dia-alba-rosique\/","name":"D\u00eda a d\u00eda - Alba Rosique","isPartOf":{"@id":"https:\/\/www.albarosique.com\/#website"},"datePublished":"2021-10-25T09:10:39+00:00","dateModified":"2021-10-25T09:10:40+00:00","description":"Alba Rosique, psicoterapeuta especialista en psicolog\u00eda perinatal y psicolog\u00eda cl\u00ednica en Vic (Barcelona). Charlas y talleres para bibliotecas, centros c\u00edvicos, etc.","breadcrumb":{"@id":"https:\/\/www.albarosique.com\/es\/dia-a-dia-alba-rosique\/#breadcrumb"},"inLanguage":"es","potentialAction":[{"@type":"ReadAction","target":["https:\/\/www.albarosique.com\/es\/dia-a-dia-alba-rosique\/"]}]},{"@type":"BreadcrumbList","@id":"https:\/\/www.albarosique.com\/es\/dia-a-dia-alba-rosique\/#breadcrumb","itemListElement":[{"@type":"ListItem","position":1,"name":"Inici","item":"https:\/\/www.albarosique.com\/es\/alba-rosique-psicoterapia-vic-psicologia-clinica-vic-osona\/"},{"@type":"ListItem","position":2,"name":"D\u00eda a d\u00eda &#8211; Alba Rosique"}]}]}},"_links":{"self":[{"href":"https:\/\/www.albarosique.com\/es\/wp-json\/wp\/v2\/pages\/704"}],"collection":[{"href":"https:\/\/www.albarosique.com\/es\/wp-json\/wp\/v2\/pages"}],"about":[{"href":"https:\/\/www.albarosique.com\/es\/wp-json\/wp\/v2\/types\/page"}],"author":[{"embeddable":true,"href":"https:\/\/www.albarosique.com\/es\/wp-json\/wp\/v2\/users\/2"}],"replies":[{"embeddable":true,"href":"https:\/\/www.albarosique.com\/es\/wp-json\/wp\/v2\/comments?post=704"}],"version-history":[{"count":11,"href":"https:\/\/www.albarosique.com\/es\/wp-json\/wp\/v2\/pages\/704\/revisions"}],"predecessor-version":[{"id":724,"href":"https:\/\/www.albarosique.com\/es\/wp-json\/wp\/v2\/pages\/704\/revisions\/724"}],"wp:attachment":[{"href":"https:\/\/www.albarosique.com\/es\/wp-json\/wp\/v2\/media?parent=704"}],"curies":[{"name":"wp","href":"https:\/\/api.w.org\/{rel}","templated":true}]}}